{"id":90,"date":"2023-09-13T14:12:19","date_gmt":"2023-09-13T14:12:19","guid":{"rendered":"https:\/\/navegandolibres.org\/?page_id=90"},"modified":"2026-03-23T17:13:18","modified_gmt":"2026-03-23T17:13:18","slug":"publicaciones","status":"publish","type":"page","link":"https:\/\/navegandolibres.org\/en\/publicaciones\/","title":{"rendered":"Publications"},"content":{"rendered":"<div data-elementor-type=\"wp-page\" data-elementor-id=\"90\" class=\"elementor elementor-90\" data-elementor-post-type=\"page\">\n\t\t\t\t<div class=\"elementor-element elementor-element-f0c609f e-flex e-con-boxed e-con e-parent\" data-id=\"f0c609f\" data-element_type=\"container\" data-e-type=\"container\" data-settings=\"{&quot;background_background&quot;:&quot;classic&quot;,&quot;shape_divider_top&quot;:&quot;waves&quot;,&quot;shape_divider_top_negative&quot;:&quot;yes&quot;}\">\n\t\t\t\t\t<div class=\"e-con-inner\">\n\t\t\t\t<div class=\"elementor-shape elementor-shape-top\" aria-hidden=\"true\" data-negative=\"true\">\n\t\t\t<svg xmlns=\"http:\/\/www.w3.org\/2000\/svg\" viewbox=\"0 0 1000 100\" preserveaspectratio=\"none\">\n\t<path class=\"elementor-shape-fill\" d=\"M790.5,93.1c-59.3-5.3-116.8-18-192.6-50c-29.6-12.7-76.9-31-100.5-35.9c-23.6-4.9-52.6-7.8-75.5-5.3\tc-10.2,1.1-22.6,1.4-50.1,7.4c-27.2,6.3-58.2,16.6-79.4,24.7c-41.3,15.9-94.9,21.9-134,22.6C72,58.2,0,25.8,0,25.8V100h1000V65.3\tc0,0-51.5,19.4-106.2,25.7C839.5,97,814.1,95.2,790.5,93.1z\"\/>\n<\/svg>\t\t<\/div>\n\t\t\t\t<div class=\"elementor-element elementor-element-f07d08e elementor-widget elementor-widget-heading\" data-id=\"f07d08e\" data-element_type=\"widget\" data-e-type=\"widget\" data-widget_type=\"heading.default\">\n\t\t\t\t<div class=\"elementor-widget-container\">\n\t\t\t\t\t<h2 class=\"elementor-heading-title elementor-size-default\">Nuestras publicaciones<\/h2>\t\t\t\t<\/div>\n\t\t\t\t<\/div>\n\t\t\t\t<div class=\"elementor-element elementor-element-30577b4 elementor-grid-4 elementor-posts--align-center elementor-grid-tablet-2 elementor-grid-mobile-1 elementor-posts--thumbnail-top elementor-widget elementor-widget-posts\" data-id=\"30577b4\" data-element_type=\"widget\" data-e-type=\"widget\" data-settings=\"{&quot;classic_columns&quot;:&quot;4&quot;,&quot;pagination_type&quot;:&quot;prev_next&quot;,&quot;classic_columns_tablet&quot;:&quot;2&quot;,&quot;classic_columns_mobile&quot;:&quot;1&quot;,&quot;classic_row_gap&quot;:{&quot;unit&quot;:&quot;px&quot;,&quot;size&quot;:35,&quot;sizes&quot;:[]},&quot;classic_row_gap_tablet&quot;:{&quot;unit&quot;:&quot;px&quot;,&quot;size&quot;:&quot;&quot;,&quot;sizes&quot;:[]},&quot;classic_row_gap_mobile&quot;:{&quot;unit&quot;:&quot;px&quot;,&quot;size&quot;:&quot;&quot;,&quot;sizes&quot;:[]}}\" data-widget_type=\"posts.classic\">\n\t\t\t\t<div class=\"elementor-widget-container\">\n\t\t\t\t\t\t\t<div class=\"elementor-posts-container elementor-posts elementor-posts--skin-classic elementor-grid\" role=\"list\">\n\t\t\t\t<article class=\"elementor-post elementor-grid-item post-2668 post type-post status-publish format-standard has-post-thumbnail hentry category-publicaciones\" role=\"listitem\">\n\t\t\t\t<a class=\"elementor-post__thumbnail__link\" href=\"https:\/\/navegandolibres.org\/en\/en-la-mira-seguridad-y-principales-amenazas-digitales-en-america-latina\/\" tabindex=\"-1\" >\n\t\t\t<div class=\"elementor-post__thumbnail\"><img fetchpriority=\"high\" decoding=\"async\" width=\"791\" height=\"1024\" src=\"https:\/\/navegandolibres.org\/wp-content\/uploads\/2025\/01\/En-la-Mira_-ES-1-791x1024.png\" class=\"attachment-large size-large wp-image-2670\" alt=\"\" title=\"\" srcset=\"https:\/\/navegandolibres.org\/wp-content\/uploads\/2025\/01\/En-la-Mira_-ES-1-791x1024.png 791w, https:\/\/navegandolibres.org\/wp-content\/uploads\/2025\/01\/En-la-Mira_-ES-1-232x300.png 232w, https:\/\/navegandolibres.org\/wp-content\/uploads\/2025\/01\/En-la-Mira_-ES-1-768x994.png 768w, https:\/\/navegandolibres.org\/wp-content\/uploads\/2025\/01\/En-la-Mira_-ES-1-1187x1536.png 1187w, https:\/\/navegandolibres.org\/wp-content\/uploads\/2025\/01\/En-la-Mira_-ES-1-1583x2048.png 1583w, https:\/\/navegandolibres.org\/wp-content\/uploads\/2025\/01\/En-la-Mira_-ES-1-9x12.png 9w\" sizes=\"(max-width: 791px) 100vw, 791px\" \/><\/div>\n\t\t<\/a>\n\t\t\t\t<div class=\"elementor-post__text\">\n\t\t\t\t<h1 class=\"elementor-post__title\">\n\t\t\t<a href=\"https:\/\/navegandolibres.org\/en\/en-la-mira-seguridad-y-principales-amenazas-digitales-en-america-latina\/\" >\n\t\t\t\tEn la mira: seguridad y principales amenazas digitales en Am\u00e9rica Latina\t\t\t<\/a>\n\t\t<\/h1>\n\t\t\t\t<div class=\"elementor-post__meta-data\">\n\t\t\t\t\t<span class=\"elementor-post-date\">\n\t\t\tJanuary 28, 2025\t\t<\/span>\n\t\t\t\t<\/div>\n\t\t\t\t\t<div class=\"elementor-post__read-more-wrapper\">\n\t\t\n\t\t<a class=\"elementor-post__read-more\" href=\"https:\/\/navegandolibres.org\/en\/en-la-mira-seguridad-y-principales-amenazas-digitales-en-america-latina\/\" aria-label=\"Read more about En la mira: seguridad y principales amenazas digitales en Am\u00e9rica Latina\" tabindex=\"-1\" >\n\t\t\tLeer m\u00e1s \u00bb\t\t<\/a>\n\n\t\t\t\t\t<\/div>\n\t\t\t\t<\/div>\n\t\t\t\t<\/article>\n\t\t\t\t<article class=\"elementor-post elementor-grid-item post-3680 post type-post status-publish format-standard has-post-thumbnail hentry category-publicaciones\" role=\"listitem\">\n\t\t\t\t<a class=\"elementor-post__thumbnail__link\" href=\"https:\/\/navegandolibres.org\/en\/lineas-de-ayuda-para-atender-casos-de-violencia-de-genero-en-entornos-digitales-monitoreo-y-tendencias-en-bolivia-brasil-y-ecuador-2\/\" tabindex=\"-1\" >\n\t\t\t<div class=\"elementor-post__thumbnail\"><img decoding=\"async\" width=\"793\" height=\"1024\" src=\"https:\/\/navegandolibres.org\/wp-content\/uploads\/2024\/09\/LineasAyuda-ESP-1-793x1024.png\" class=\"attachment-large size-large wp-image-2320\" alt=\"\" title=\"\" srcset=\"https:\/\/navegandolibres.org\/wp-content\/uploads\/2024\/09\/LineasAyuda-ESP-1-793x1024.png 793w, https:\/\/navegandolibres.org\/wp-content\/uploads\/2024\/09\/LineasAyuda-ESP-1-232x300.png 232w, https:\/\/navegandolibres.org\/wp-content\/uploads\/2024\/09\/LineasAyuda-ESP-1-768x992.png 768w, https:\/\/navegandolibres.org\/wp-content\/uploads\/2024\/09\/LineasAyuda-ESP-1-1190x1536.png 1190w, https:\/\/navegandolibres.org\/wp-content\/uploads\/2024\/09\/LineasAyuda-ESP-1-1586x2048.png 1586w, https:\/\/navegandolibres.org\/wp-content\/uploads\/2024\/09\/LineasAyuda-ESP-1-9x12.png 9w\" sizes=\"(max-width: 793px) 100vw, 793px\" \/><\/div>\n\t\t<\/a>\n\t\t\t\t<div class=\"elementor-post__text\">\n\t\t\t\t<h1 class=\"elementor-post__title\">\n\t\t\t<a href=\"https:\/\/navegandolibres.org\/en\/lineas-de-ayuda-para-atender-casos-de-violencia-de-genero-en-entornos-digitales-monitoreo-y-tendencias-en-bolivia-brasil-y-ecuador-2\/\" >\n\t\t\t\tL\u00edneas de ayuda para atender casos de violencia de g\u00e9nero en entornos digitales: Monitoreo y tendencias en Bolivia, Brasil y Ecuador\t\t\t<\/a>\n\t\t<\/h1>\n\t\t\t\t<div class=\"elementor-post__meta-data\">\n\t\t\t\t\t<span class=\"elementor-post-date\">\n\t\t\tSeptember 20, 2024\t\t<\/span>\n\t\t\t\t<\/div>\n\t\t\t\t\t<div class=\"elementor-post__read-more-wrapper\">\n\t\t\n\t\t<a class=\"elementor-post__read-more\" href=\"https:\/\/navegandolibres.org\/en\/lineas-de-ayuda-para-atender-casos-de-violencia-de-genero-en-entornos-digitales-monitoreo-y-tendencias-en-bolivia-brasil-y-ecuador-2\/\" aria-label=\"Read more about L\u00edneas de ayuda para atender casos de violencia de g\u00e9nero en entornos digitales: Monitoreo y tendencias en Bolivia, Brasil y Ecuador\" tabindex=\"-1\" >\n\t\t\tLeer m\u00e1s \u00bb\t\t<\/a>\n\n\t\t\t\t\t<\/div>\n\t\t\t\t<\/div>\n\t\t\t\t<\/article>\n\t\t\t\t<article class=\"elementor-post elementor-grid-item post-1847 post type-post status-publish format-standard has-post-thumbnail hentry category-publicaciones\" role=\"listitem\">\n\t\t\t\t<a class=\"elementor-post__thumbnail__link\" href=\"https:\/\/navegandolibres.org\/en\/estudio-exploratorio-sobre-la-violencia-facilitada-por-la-tecnologia-contra-las-mujeres-y-las-ninas-en-quito-cuenca-y-guayaquil\/\" tabindex=\"-1\" >\n\t\t\t<div class=\"elementor-post__thumbnail\"><img decoding=\"async\" width=\"724\" height=\"1024\" src=\"https:\/\/navegandolibres.org\/wp-content\/uploads\/2024\/01\/1-724x1024.jpg\" class=\"attachment-large size-large wp-image-1853\" alt=\"\" title=\"\" srcset=\"https:\/\/navegandolibres.org\/wp-content\/uploads\/2024\/01\/1-724x1024.jpg 724w, https:\/\/navegandolibres.org\/wp-content\/uploads\/2024\/01\/1-212x300.jpg 212w, https:\/\/navegandolibres.org\/wp-content\/uploads\/2024\/01\/1-768x1086.jpg 768w, https:\/\/navegandolibres.org\/wp-content\/uploads\/2024\/01\/1-1086x1536.jpg 1086w, https:\/\/navegandolibres.org\/wp-content\/uploads\/2024\/01\/1-8x12.jpg 8w, https:\/\/navegandolibres.org\/wp-content\/uploads\/2024\/01\/1.jpg 1414w\" sizes=\"(max-width: 724px) 100vw, 724px\" \/><\/div>\n\t\t<\/a>\n\t\t\t\t<div class=\"elementor-post__text\">\n\t\t\t\t<h1 class=\"elementor-post__title\">\n\t\t\t<a href=\"https:\/\/navegandolibres.org\/en\/estudio-exploratorio-sobre-la-violencia-facilitada-por-la-tecnologia-contra-las-mujeres-y-las-ninas-en-quito-cuenca-y-guayaquil\/\" >\n\t\t\t\tEstudio exploratorio sobre la Violencia Facilitada por la Tecnolog\u00eda contra las Mujeres y las Ni\u00f1as en Quito, Cuenca y Guayaquil\t\t\t<\/a>\n\t\t<\/h1>\n\t\t\t\t<div class=\"elementor-post__meta-data\">\n\t\t\t\t\t<span class=\"elementor-post-date\">\n\t\t\tNovember 25, 2023\t\t<\/span>\n\t\t\t\t<\/div>\n\t\t\t\t\t<div class=\"elementor-post__read-more-wrapper\">\n\t\t\n\t\t<a class=\"elementor-post__read-more\" href=\"https:\/\/navegandolibres.org\/en\/estudio-exploratorio-sobre-la-violencia-facilitada-por-la-tecnologia-contra-las-mujeres-y-las-ninas-en-quito-cuenca-y-guayaquil\/\" aria-label=\"Read more about Estudio exploratorio sobre la Violencia Facilitada por la Tecnolog\u00eda contra las Mujeres y las Ni\u00f1as en Quito, Cuenca y Guayaquil\" tabindex=\"-1\" >\n\t\t\tLeer m\u00e1s \u00bb\t\t<\/a>\n\n\t\t\t\t\t<\/div>\n\t\t\t\t<\/div>\n\t\t\t\t<\/article>\n\t\t\t\t<article class=\"elementor-post elementor-grid-item post-1578 post type-post status-publish format-standard has-post-thumbnail hentry category-publicaciones\" role=\"listitem\">\n\t\t\t\t<a class=\"elementor-post__thumbnail__link\" href=\"https:\/\/navegandolibres.org\/en\/mediciones-de-la-violencia-de-genero-digital-en-america-latina-y-el-caribe-aborda-las-metodologias-y-contenidos-generados-sobre-la-tematica-ademas-de-los-retos-en-su-abordaje\/\" tabindex=\"-1\" >\n\t\t\t<div class=\"elementor-post__thumbnail\"><img loading=\"lazy\" decoding=\"async\" width=\"723\" height=\"1024\" src=\"https:\/\/navegandolibres.org\/wp-content\/uploads\/2023\/10\/Captura-de-pantalla-2023-10-03-a-las-13.00.24-723x1024.png\" class=\"attachment-large size-large wp-image-636\" alt=\"\" title=\"\" srcset=\"https:\/\/navegandolibres.org\/wp-content\/uploads\/2023\/10\/Captura-de-pantalla-2023-10-03-a-las-13.00.24-723x1024.png 723w, https:\/\/navegandolibres.org\/wp-content\/uploads\/2023\/10\/Captura-de-pantalla-2023-10-03-a-las-13.00.24-212x300.png 212w, https:\/\/navegandolibres.org\/wp-content\/uploads\/2023\/10\/Captura-de-pantalla-2023-10-03-a-las-13.00.24-768x1087.png 768w, https:\/\/navegandolibres.org\/wp-content\/uploads\/2023\/10\/Captura-de-pantalla-2023-10-03-a-las-13.00.24-8x12.png 8w, https:\/\/navegandolibres.org\/wp-content\/uploads\/2023\/10\/Captura-de-pantalla-2023-10-03-a-las-13.00.24.png 1082w\" sizes=\"(max-width: 723px) 100vw, 723px\" \/><\/div>\n\t\t<\/a>\n\t\t\t\t<div class=\"elementor-post__text\">\n\t\t\t\t<h1 class=\"elementor-post__title\">\n\t\t\t<a href=\"https:\/\/navegandolibres.org\/en\/mediciones-de-la-violencia-de-genero-digital-en-america-latina-y-el-caribe-aborda-las-metodologias-y-contenidos-generados-sobre-la-tematica-ademas-de-los-retos-en-su-abordaje\/\" >\n\t\t\t\tMediciones de la violencia de g\u00e9nero digital en Am\u00e9rica Latina y el Caribe.\t\t\t<\/a>\n\t\t<\/h1>\n\t\t\t\t<div class=\"elementor-post__meta-data\">\n\t\t\t\t\t<span class=\"elementor-post-date\">\n\t\t\tMay 20, 2023\t\t<\/span>\n\t\t\t\t<\/div>\n\t\t\t\t\t<div class=\"elementor-post__read-more-wrapper\">\n\t\t\n\t\t<a class=\"elementor-post__read-more\" href=\"https:\/\/navegandolibres.org\/en\/mediciones-de-la-violencia-de-genero-digital-en-america-latina-y-el-caribe-aborda-las-metodologias-y-contenidos-generados-sobre-la-tematica-ademas-de-los-retos-en-su-abordaje\/\" aria-label=\"Read more about Mediciones de la violencia de g\u00e9nero digital en Am\u00e9rica Latina y el Caribe.\" tabindex=\"-1\" >\n\t\t\tLeer m\u00e1s \u00bb\t\t<\/a>\n\n\t\t\t\t\t<\/div>\n\t\t\t\t<\/div>\n\t\t\t\t<\/article>\n\t\t\t\t<article class=\"elementor-post elementor-grid-item post-1573 post type-post status-publish format-standard has-post-thumbnail hentry category-publicaciones\" role=\"listitem\">\n\t\t\t\t<a class=\"elementor-post__thumbnail__link\" href=\"https:\/\/navegandolibres.org\/en\/el-impacto-de-la-pandemia-covid-19-en-la-violencia-de-genero-digital-en-ecuador-analisis-de-casos-acompanados-por-navegando-libres-2021\/\" tabindex=\"-1\" >\n\t\t\t<div class=\"elementor-post__thumbnail\"><img loading=\"lazy\" decoding=\"async\" width=\"723\" height=\"1024\" src=\"https:\/\/navegandolibres.org\/wp-content\/uploads\/2023\/10\/Captura-de-pantalla-2023-10-09-a-las-14.48.40-723x1024.png\" class=\"attachment-large size-large wp-image-1080\" alt=\"\" title=\"\" srcset=\"https:\/\/navegandolibres.org\/wp-content\/uploads\/2023\/10\/Captura-de-pantalla-2023-10-09-a-las-14.48.40-723x1024.png 723w, https:\/\/navegandolibres.org\/wp-content\/uploads\/2023\/10\/Captura-de-pantalla-2023-10-09-a-las-14.48.40-212x300.png 212w, https:\/\/navegandolibres.org\/wp-content\/uploads\/2023\/10\/Captura-de-pantalla-2023-10-09-a-las-14.48.40-768x1088.png 768w, https:\/\/navegandolibres.org\/wp-content\/uploads\/2023\/10\/Captura-de-pantalla-2023-10-09-a-las-14.48.40-8x12.png 8w, https:\/\/navegandolibres.org\/wp-content\/uploads\/2023\/10\/Captura-de-pantalla-2023-10-09-a-las-14.48.40.png 1080w\" sizes=\"(max-width: 723px) 100vw, 723px\" \/><\/div>\n\t\t<\/a>\n\t\t\t\t<div class=\"elementor-post__text\">\n\t\t\t\t<h1 class=\"elementor-post__title\">\n\t\t\t<a href=\"https:\/\/navegandolibres.org\/en\/el-impacto-de-la-pandemia-covid-19-en-la-violencia-de-genero-digital-en-ecuador-analisis-de-casos-acompanados-por-navegando-libres-2021\/\" >\n\t\t\t\tEl impacto de la pandemia COVID-19 en la violencia de g\u00e9nero digital en Ecuador:\u00a0An\u00e1lisis de casos acompa\u00f1ados por Navegando libres. 2021.\t\t\t<\/a>\n\t\t<\/h1>\n\t\t\t\t<div class=\"elementor-post__meta-data\">\n\t\t\t\t\t<span class=\"elementor-post-date\">\n\t\t\tNovember 12, 2021\t\t<\/span>\n\t\t\t\t<\/div>\n\t\t\t\t\t<div class=\"elementor-post__read-more-wrapper\">\n\t\t\n\t\t<a class=\"elementor-post__read-more\" href=\"https:\/\/navegandolibres.org\/en\/el-impacto-de-la-pandemia-covid-19-en-la-violencia-de-genero-digital-en-ecuador-analisis-de-casos-acompanados-por-navegando-libres-2021\/\" aria-label=\"Read more about El impacto de la pandemia COVID-19 en la violencia de g\u00e9nero digital en Ecuador:\u00a0An\u00e1lisis de casos acompa\u00f1ados por Navegando libres. 2021.\" tabindex=\"-1\" >\n\t\t\tLeer m\u00e1s \u00bb\t\t<\/a>\n\n\t\t\t\t\t<\/div>\n\t\t\t\t<\/div>\n\t\t\t\t<\/article>\n\t\t\t\t<article class=\"elementor-post elementor-grid-item post-1571 post type-post status-publish format-standard has-post-thumbnail hentry category-poblacion-migrante-y-refugiada category-publicaciones\" role=\"listitem\">\n\t\t\t\t<a class=\"elementor-post__thumbnail__link\" href=\"https:\/\/navegandolibres.org\/en\/moverse-seguras-y-seguros-analisis-de-la-situacion-de-violencia-de-genero-digital-contra-mujeres-y-poblacion-lgbtiq-refugiada-y-migrante-en-ecuador\/\" tabindex=\"-1\" >\n\t\t\t<div class=\"elementor-post__thumbnail\"><img loading=\"lazy\" decoding=\"async\" width=\"800\" height=\"1021\" src=\"https:\/\/navegandolibres.org\/wp-content\/uploads\/2021\/01\/Captura-de-pantalla-2023-10-03-a-las-12.57.28-1-802x1024.png\" class=\"attachment-large size-large wp-image-3615\" alt=\"\" title=\"\" srcset=\"https:\/\/navegandolibres.org\/wp-content\/uploads\/2021\/01\/Captura-de-pantalla-2023-10-03-a-las-12.57.28-1-802x1024.png 802w, https:\/\/navegandolibres.org\/wp-content\/uploads\/2021\/01\/Captura-de-pantalla-2023-10-03-a-las-12.57.28-1-235x300.png 235w, https:\/\/navegandolibres.org\/wp-content\/uploads\/2021\/01\/Captura-de-pantalla-2023-10-03-a-las-12.57.28-1-768x981.png 768w, https:\/\/navegandolibres.org\/wp-content\/uploads\/2021\/01\/Captura-de-pantalla-2023-10-03-a-las-12.57.28-1-9x12.png 9w, https:\/\/navegandolibres.org\/wp-content\/uploads\/2021\/01\/Captura-de-pantalla-2023-10-03-a-las-12.57.28-1.png 1184w\" sizes=\"(max-width: 800px) 100vw, 800px\" \/><\/div>\n\t\t<\/a>\n\t\t\t\t<div class=\"elementor-post__text\">\n\t\t\t\t<h1 class=\"elementor-post__title\">\n\t\t\t<a href=\"https:\/\/navegandolibres.org\/en\/moverse-seguras-y-seguros-analisis-de-la-situacion-de-violencia-de-genero-digital-contra-mujeres-y-poblacion-lgbtiq-refugiada-y-migrante-en-ecuador\/\" >\n\t\t\t\tMoverse seguras y seguros: An\u00e1lisis de la situaci\u00f3n de violencia de g\u00e9nero digital contra mujeres y poblaci\u00f3n LGBTIQ+ refugiada y migrante en Ecuador\t\t\t<\/a>\n\t\t<\/h1>\n\t\t\t\t<div class=\"elementor-post__meta-data\">\n\t\t\t\t\t<span class=\"elementor-post-date\">\n\t\t\tJanuary 20, 2021\t\t<\/span>\n\t\t\t\t<\/div>\n\t\t\t\t\t<div class=\"elementor-post__read-more-wrapper\">\n\t\t\n\t\t<a class=\"elementor-post__read-more\" href=\"https:\/\/navegandolibres.org\/en\/moverse-seguras-y-seguros-analisis-de-la-situacion-de-violencia-de-genero-digital-contra-mujeres-y-poblacion-lgbtiq-refugiada-y-migrante-en-ecuador\/\" aria-label=\"Read more about Moverse seguras y seguros: An\u00e1lisis de la situaci\u00f3n de violencia de g\u00e9nero digital contra mujeres y poblaci\u00f3n LGBTIQ+ refugiada y migrante en Ecuador\" tabindex=\"-1\" >\n\t\t\tLeer m\u00e1s \u00bb\t\t<\/a>\n\n\t\t\t\t\t<\/div>\n\t\t\t\t<\/div>\n\t\t\t\t<\/article>\n\t\t\t\t<article class=\"elementor-post elementor-grid-item post-1541 post type-post status-publish format-standard has-post-thumbnail hentry category-publicaciones\" role=\"listitem\">\n\t\t\t\t<a class=\"elementor-post__thumbnail__link\" href=\"https:\/\/navegandolibres.org\/en\/que-es-violencia-de-genero-digital-primer-diagnostico-sobre-violencia-de-genero-en-internet-de-ecuador\/\" tabindex=\"-1\" >\n\t\t\t<div class=\"elementor-post__thumbnail\"><img loading=\"lazy\" decoding=\"async\" width=\"780\" height=\"1024\" src=\"https:\/\/navegandolibres.org\/wp-content\/uploads\/2023\/10\/Captura-de-pantalla-2023-10-04-a-las-07.07.10-780x1024.png\" class=\"attachment-large size-large wp-image-848\" alt=\"\" title=\"\" srcset=\"https:\/\/navegandolibres.org\/wp-content\/uploads\/2023\/10\/Captura-de-pantalla-2023-10-04-a-las-07.07.10-780x1024.png 780w, https:\/\/navegandolibres.org\/wp-content\/uploads\/2023\/10\/Captura-de-pantalla-2023-10-04-a-las-07.07.10-229x300.png 229w, https:\/\/navegandolibres.org\/wp-content\/uploads\/2023\/10\/Captura-de-pantalla-2023-10-04-a-las-07.07.10-768x1008.png 768w, https:\/\/navegandolibres.org\/wp-content\/uploads\/2023\/10\/Captura-de-pantalla-2023-10-04-a-las-07.07.10-1171x1536.png 1171w, https:\/\/navegandolibres.org\/wp-content\/uploads\/2023\/10\/Captura-de-pantalla-2023-10-04-a-las-07.07.10-9x12.png 9w, https:\/\/navegandolibres.org\/wp-content\/uploads\/2023\/10\/Captura-de-pantalla-2023-10-04-a-las-07.07.10.png 1192w\" sizes=\"(max-width: 780px) 100vw, 780px\" \/><\/div>\n\t\t<\/a>\n\t\t\t\t<div class=\"elementor-post__text\">\n\t\t\t\t<h1 class=\"elementor-post__title\">\n\t\t\t<a href=\"https:\/\/navegandolibres.org\/en\/que-es-violencia-de-genero-digital-primer-diagnostico-sobre-violencia-de-genero-en-internet-de-ecuador\/\" >\n\t\t\t\t\u00bfQu\u00e9 es violencia de g\u00e9nero digital? \u2013 Primer diagn\u00f3stico sobre violencia de g\u00e9nero en internet de Ecuador\t\t\t<\/a>\n\t\t<\/h1>\n\t\t\t\t<div class=\"elementor-post__meta-data\">\n\t\t\t\t\t<span class=\"elementor-post-date\">\n\t\t\tApril 1, 2020\t\t<\/span>\n\t\t\t\t<\/div>\n\t\t\t\t\t<div class=\"elementor-post__read-more-wrapper\">\n\t\t\n\t\t<a class=\"elementor-post__read-more\" href=\"https:\/\/navegandolibres.org\/en\/que-es-violencia-de-genero-digital-primer-diagnostico-sobre-violencia-de-genero-en-internet-de-ecuador\/\" aria-label=\"Read more about \u00bfQu\u00e9 es violencia de g\u00e9nero digital? \u2013 Primer diagn\u00f3stico sobre violencia de g\u00e9nero en internet de Ecuador\" tabindex=\"-1\" >\n\t\t\tLeer m\u00e1s \u00bb\t\t<\/a>\n\n\t\t\t\t\t<\/div>\n\t\t\t\t<\/div>\n\t\t\t\t<\/article>\n\t\t\t\t<article class=\"elementor-post elementor-grid-item post-1539 post type-post status-publish format-standard has-post-thumbnail hentry category-publicaciones\" role=\"listitem\">\n\t\t\t\t<a class=\"elementor-post__thumbnail__link\" href=\"https:\/\/navegandolibres.org\/en\/derechos-digitales-en-el-contexto-de-las-protestas-y-movilizacion-social-en-ecuador-en-octubre-de-2019\/\" tabindex=\"-1\" >\n\t\t\t<div class=\"elementor-post__thumbnail\"><img loading=\"lazy\" decoding=\"async\" width=\"722\" height=\"1024\" src=\"https:\/\/navegandolibres.org\/wp-content\/uploads\/2023\/10\/Captura-de-pantalla-2023-10-09-a-las-14.48.59-722x1024.png\" class=\"attachment-large size-large wp-image-1081\" alt=\"\" title=\"\" srcset=\"https:\/\/navegandolibres.org\/wp-content\/uploads\/2023\/10\/Captura-de-pantalla-2023-10-09-a-las-14.48.59-722x1024.png 722w, https:\/\/navegandolibres.org\/wp-content\/uploads\/2023\/10\/Captura-de-pantalla-2023-10-09-a-las-14.48.59-211x300.png 211w, https:\/\/navegandolibres.org\/wp-content\/uploads\/2023\/10\/Captura-de-pantalla-2023-10-09-a-las-14.48.59-768x1089.png 768w, https:\/\/navegandolibres.org\/wp-content\/uploads\/2023\/10\/Captura-de-pantalla-2023-10-09-a-las-14.48.59-8x12.png 8w, https:\/\/navegandolibres.org\/wp-content\/uploads\/2023\/10\/Captura-de-pantalla-2023-10-09-a-las-14.48.59.png 1080w\" sizes=\"(max-width: 722px) 100vw, 722px\" \/><\/div>\n\t\t<\/a>\n\t\t\t\t<div class=\"elementor-post__text\">\n\t\t\t\t<h1 class=\"elementor-post__title\">\n\t\t\t<a href=\"https:\/\/navegandolibres.org\/en\/derechos-digitales-en-el-contexto-de-las-protestas-y-movilizacion-social-en-ecuador-en-octubre-de-2019\/\" >\n\t\t\t\tDerechos digitales en el contexto de las protestas y movilizaci\u00f3n social en Ecuador en octubre de 2019.\t\t\t<\/a>\n\t\t<\/h1>\n\t\t\t\t<div class=\"elementor-post__meta-data\">\n\t\t\t\t\t<span class=\"elementor-post-date\">\n\t\t\tNovember 30, 2019\t\t<\/span>\n\t\t\t\t<\/div>\n\t\t\t\t\t<div class=\"elementor-post__read-more-wrapper\">\n\t\t\n\t\t<a class=\"elementor-post__read-more\" href=\"https:\/\/navegandolibres.org\/en\/derechos-digitales-en-el-contexto-de-las-protestas-y-movilizacion-social-en-ecuador-en-octubre-de-2019\/\" aria-label=\"Read more about Derechos digitales en el contexto de las protestas y movilizaci\u00f3n social en Ecuador en octubre de 2019.\" tabindex=\"-1\" >\n\t\t\tLeer m\u00e1s \u00bb\t\t<\/a>\n\n\t\t\t\t\t<\/div>\n\t\t\t\t<\/div>\n\t\t\t\t<\/article>\n\t\t\t\t<\/div>\n\t\t\n\t\t\t\t\t\t<\/div>\n\t\t\t\t<\/div>\n\t\t\t\t\t<\/div>\n\t\t\t\t<\/div>\n\t\t\t\t<\/div>","protected":false},"excerpt":{"rendered":"<p>Nuestras publicaciones<\/p>","protected":false},"author":2,"featured_media":0,"parent":0,"menu_order":0,"comment_status":"closed","ping_status":"closed","template":"elementor_header_footer","meta":{"episode_type":"","audio_file":"","podmotor_file_id":"","podmotor_episode_id":"","cover_image":"","cover_image_id":"","duration":"","filesize":"","filesize_raw":"","date_recorded":"","explicit":"","block":"","itunes_episode_number":"","itunes_title":"","itunes_season_number":"","itunes_episode_type":"","footnotes":""},"class_list":["post-90","page","type-page","status-publish","hentry"],"_links":{"self":[{"href":"https:\/\/navegandolibres.org\/en\/wp-json\/wp\/v2\/pages\/90","targetHints":{"allow":["GET"]}}],"collection":[{"href":"https:\/\/navegandolibres.org\/en\/wp-json\/wp\/v2\/pages"}],"about":[{"href":"https:\/\/navegandolibres.org\/en\/wp-json\/wp\/v2\/types\/page"}],"author":[{"embeddable":true,"href":"https:\/\/navegandolibres.org\/en\/wp-json\/wp\/v2\/users\/2"}],"replies":[{"embeddable":true,"href":"https:\/\/navegandolibres.org\/en\/wp-json\/wp\/v2\/comments?post=90"}],"version-history":[{"count":0,"href":"https:\/\/navegandolibres.org\/en\/wp-json\/wp\/v2\/pages\/90\/revisions"}],"wp:attachment":[{"href":"https:\/\/navegandolibres.org\/en\/wp-json\/wp\/v2\/media?parent=90"}],"curies":[{"name":"wp","href":"https:\/\/api.w.org\/{rel}","templated":true}]}}